{"id":3336,"date":"2022-12-13T13:03:35","date_gmt":"2022-12-13T12:03:35","guid":{"rendered":"https:\/\/zmianawarty.pl\/?page_id=3336"},"modified":"2024-09-19T08:14:45","modified_gmt":"2024-09-19T06:14:45","slug":"chronimy-ale-takze-reprezentujemy-klientow-w-sporach-sadowych-i-korporacyjnych","status":"publish","type":"page","link":"https:\/\/pragmatiq.pl\/zmianawarty\/chronimy-ale-takze-reprezentujemy-klientow-w-sporach-sadowych-i-korporacyjnych\/","title":{"rendered":"Chronimy, ale tak\u017ce reprezentujemy klient\u00f3w w sporach s\u0105dowych i korporacyjnych"},"content":{"rendered":"\n<h1 class=\"wp-block-heading\">Chronimy, ale tak\u017ce reprezentujemy klient\u00f3w w sporach s\u0105dowych i korporacyjnych<\/h1>\n\n\n\n<p>Spory korporacyjne zdarzaj\u0105 si\u0119 niemal w\u00a0ka\u017cdej sp\u00f3\u0142ce. Kancelaria PragmatIQ kompleksowo pomaga wsp\u00f3lnikom w\u00a0prowadzeniu spor\u00f3w korporacyjnych z\u00a0pozosta\u0142ymi wsp\u00f3lnikami lub organami sp\u00f3\u0142ki zar\u00f3wno na etapie przedprocesowym jak i w trakcie post\u0119powania.<\/p>\n\n\n\n<figure class=\"wp-block-image size-large\"><img fetchpriority=\"high\" decoding=\"async\" width=\"1024\" height=\"683\" src=\"https:\/\/pragmatiq.pl\/zmianawarty\/wp-content\/uploads\/2022\/12\/0b6e8113-ea66-4ae9-a0a0-bb87d2d08734-1024x683.png\" alt=\"\" class=\"wp-image-3337\" srcset=\"https:\/\/pragmatiq.pl\/zmianawarty\/wp-content\/uploads\/2022\/12\/0b6e8113-ea66-4ae9-a0a0-bb87d2d08734-1024x683.png 1024w, https:\/\/pragmatiq.pl\/zmianawarty\/wp-content\/uploads\/2022\/12\/0b6e8113-ea66-4ae9-a0a0-bb87d2d08734-300x200.png 300w, https:\/\/pragmatiq.pl\/zmianawarty\/wp-content\/uploads\/2022\/12\/0b6e8113-ea66-4ae9-a0a0-bb87d2d08734-768x512.png 768w, https:\/\/pragmatiq.pl\/zmianawarty\/wp-content\/uploads\/2022\/12\/0b6e8113-ea66-4ae9-a0a0-bb87d2d08734-1536x1024.png 1536w, https:\/\/pragmatiq.pl\/zmianawarty\/wp-content\/uploads\/2022\/12\/0b6e8113-ea66-4ae9-a0a0-bb87d2d08734-2048x1365.png 2048w\" sizes=\"(max-width: 767px) 89vw, (max-width: 1000px) 54vw, (max-width: 1071px) 543px, 580px\" \/><\/figure>\n\n\n\n<h2 class=\"wp-block-heading\">Do\u015bwiadczenie Kancelarii<\/h2>\n\n\n\n<p>Dotychczas kancelaria PragmatIQ z&nbsp;powodzeniem prowadzi\u0142a:<\/p>\n\n\n\n<ul class=\"wp-block-list\">\n<li>spory korporacyjne dotycz\u0105ce zaskar\u017cania uchwa\u0142 wsp\u00f3lnik\u00f3w, zw\u0142aszcza dotycz\u0105cych braku wyp\u0142aty dywidendy, jak r\u00f3wnie\u017c innych krzywdz\u0105cych wsp\u00f3lnika dzia\u0142a\u0144 pozosta\u0142ych wsp\u00f3lnik\u00f3w lub zarz\u0105du sp\u00f3\u0142ki;<\/li>\n\n\n\n<li>spory korporacyjne wynikaj\u0105ce z&nbsp;wzajemnych um\u00f3w oraz&nbsp;rozlicze\u0144 pomi\u0119dzy wsp\u00f3lnikami albo&nbsp;akcjonariuszami, a tak\u017ce rozlicze\u0144 w ramach sp\u00f3\u0142ki lub sp\u00f3\u0142ek;<\/li>\n\n\n\n<li>spory korporacyjne zwi\u0105zane z&nbsp;odpowiedzialno\u015bci\u0105 cz\u0142onk\u00f3w zarz\u0105du za zobowi\u0105zania sp\u00f3\u0142ki;&nbsp;<\/li>\n\n\n\n<li>spory korporacyjne o&nbsp;wy\u0142\u0105czenie wsp\u00f3lnika, pozbawiania prawa z udzia\u0142\u00f3w sp\u00f3\u0142ek;<\/li>\n\n\n\n<li>spory korporacyjne o&nbsp;rozwi\u0105zanie sp\u00f3\u0142ki (rozwi\u0105zanie sp\u00f3\u0142ek);<\/li>\n\n\n\n<li>spory korporacyjne wynikaj\u0105ce z&nbsp;naruszenia zakazu konkurencji;<\/li>\n\n\n\n<li>spory korporacyjne mi\u0119dzy wsp\u00f3lnikami wi\u0119kszo\u015bciowymi i&nbsp;mniejszo\u015bciowymi dotycz\u0105ce realizacji uprawnie\u0144;<\/li>\n\n\n\n<li>spory korporacyjne wsp\u00f3lnik\u00f3w albo&nbsp;akcjonariuszy za&nbsp;szkody wyrz\u0105dzone sp\u00f3\u0142ce;<\/li>\n\n\n\n<li>spory korporacyjne zwi\u0105zane z&nbsp;ochron\u0105 szczeg\u00f3lnych warto\u015bci takich jak renoma czy dobre imi\u0119 sp\u00f3\u0142ki;<\/li>\n\n\n\n<li>spory wsp\u00f3lnik\u00f3w dotycz\u0105ce przymusowego wykupu w ramach sp\u00f3\u0142ki lub sp\u00f3\u0142ek.<\/li>\n<\/ul>\n\n\n\n<h3 class=\"wp-block-heading\">Prawnicy specjalizuj\u0105cy si\u0119 w prawie sp\u00f3\u0142ek<\/h3>\n\n\n\n<p>Prawnicy z&nbsp;kancelarii PragmatIQ dbaj\u0105 o to by&nbsp;spory korporacyjne rozwi\u0105zywane by\u0142y poza sal\u0105 s\u0105dow\u0105. Cz\u0142onkowie kancelarii s\u0105 tak\u017ce merytorycznie przygotowani i&nbsp;do\u015bwiadczeni by&nbsp;broni\u0107 praw klient\u00f3w i&nbsp;reprezentowa\u0107 ich interesy w&nbsp;sporze korporacyjnym w trakcie post\u0119powania przed&nbsp;s\u0105dem. Kancelaria gwarantuje poufno\u015b\u0107 oraz&nbsp;strategiczne doradztwo przewiduj\u0105c mo\u017cliwe spory korporacyjne oraz dbaj\u0105c o wszelkie prawa, kt\u00f3re maj\u0105 wsp\u00f3lnicy.<\/p>\n\n\n\n<figure class=\"wp-block-image size-large\"><img decoding=\"async\" width=\"1024\" height=\"683\" src=\"https:\/\/pragmatiq.pl\/zmianawarty\/wp-content\/uploads\/2022\/12\/cde23704-d329-439a-9b45-94270931d980-1024x683.png\" alt=\"\" class=\"wp-image-3338\" srcset=\"https:\/\/pragmatiq.pl\/zmianawarty\/wp-content\/uploads\/2022\/12\/cde23704-d329-439a-9b45-94270931d980-1024x683.png 1024w, https:\/\/pragmatiq.pl\/zmianawarty\/wp-content\/uploads\/2022\/12\/cde23704-d329-439a-9b45-94270931d980-300x200.png 300w, https:\/\/pragmatiq.pl\/zmianawarty\/wp-content\/uploads\/2022\/12\/cde23704-d329-439a-9b45-94270931d980-768x512.png 768w, https:\/\/pragmatiq.pl\/zmianawarty\/wp-content\/uploads\/2022\/12\/cde23704-d329-439a-9b45-94270931d980-1536x1024.png 1536w, https:\/\/pragmatiq.pl\/zmianawarty\/wp-content\/uploads\/2022\/12\/cde23704-d329-439a-9b45-94270931d980-2048x1365.png 2048w\" sizes=\"(max-width: 767px) 89vw, (max-width: 1000px) 54vw, (max-width: 1071px) 543px, 580px\" \/><\/figure>\n\n\n\n<h2 class=\"wp-block-heading\">Spory wsp\u00f3lnik\u00f3w<\/h2>\n\n\n\n<p>W trakcie funkcjonowania sp\u00f3\u0142ki mog\u0105 wyst\u0105pi\u0107 r\u00f3\u017cne spory wsp\u00f3lnik\u00f3w m. in. wynikaj\u0105ce z odmiennego rozumienia przez ka\u017cdego ze wsp\u00f3lnik\u00f3w zapis\u00f3w umowy sp\u00f3\u0142ki. Sytuacje takie mog\u0105 wyst\u0105pi\u0107 tak\u017ce w przypadku braku porozumienia wsp\u00f3lnik\u00f3w w aspekcie prowadzenia spraw sp\u00f3\u0142ki, czy w wyniku podejmowanych decyzji, kt\u00f3re godz\u0105 w prawa b\u0105d\u017a interesy jednego ze wsp\u00f3lnik\u00f3w, zapewniaj\u0105ce korzy\u015b\u0107 tylko drugiej stronie sporu. Takie sytuacje mog\u0105 wyst\u0105pi\u0107 pomimo zapis\u00f3w dotycz\u0105cych rozwi\u0105zywania konflikt\u00f3w znajduj\u0105cych si\u0119 w umowie sp\u00f3\u0142ki. Cz\u0119sto zwa\u015bnionych stron nie pogodzi\u0107 nawet podczas pr\u00f3b polubownego rozwi\u0105zywania sporu na zgromadzeniach wsp\u00f3lnik\u00f3w lub walnych zgromadzeniach akcjonariuszy.<\/p>\n\n\n\n<h3 class=\"wp-block-heading\">R\u00f3\u017cnorodno\u015b\u0107 spor\u00f3w korporacyjnych<\/h3>\n\n\n\n<p>Niekiedy zdarza si\u0119 konflikt wewn\u0105trz sp\u00f3\u0142ki dotycz\u0105cy w mniejszym zakresie prawa sp\u00f3\u0142ek, czy wynikaj\u0105cy z r\u00f3\u017cnej interpretacji umowy sp\u00f3\u0142ki lecz obejmuj\u0105cy sprawy osobiste udzia\u0142owc\u00f3w lub akcjonariuszy dzia\u0142aj\u0105cych w sp\u00f3\u0142ce. Jego ewentualny rozw\u00f3j mo\u017ce doprowadzi\u0107 do uniemo\u017cliwienia normalnego prowadzenia spraw sp\u00f3\u0142ki, a w konsekwencji do konieczno\u015bci skorzystania z porad, kt\u00f3rych udzieli\u0107 powinien profesjonalny doradca &#8211; radca prawny lub adwokat. Istotne jest, aby potrafi\u0142 on wskaza\u0107 odpowiedni\u0105 drog\u0119 dalszego dzia\u0142ania firmy mimo sporu wsp\u00f3lnik\u00f3w lub prawne mo\u017cliwo\u015bci zako\u0144czenia b\u0105d\u017a ograniczenia wsp\u00f3\u0142pracy pomi\u0119dzy skonfliktowanymi osobami, kt\u00f3ry jest r\u00f3wnie\u017c do\u015bwiadczony w rozwi\u0105zywaniu takich kwestii mi\u0119dzy wsp\u00f3lnikami.<\/p>\n\n\n\n<p>Nale\u017cy jednak pami\u0119ta\u0107, \u017ce nie ka\u017cdy radca prawny, czy adwokat specjalizuj\u0105cy si\u0119 chocia\u017cby w ochronie d\u00f3br osobistych b\u0119dzie potrafi\u0142 r\u00f3wnie\u017c odnale\u017a\u0107 si\u0119 w tej materii w sprawach zwi\u0105zanych z konfliktem wsp\u00f3lnik\u00f3w, kt\u00f3ry wymaga do\u015b\u0107 specyficznego podej\u015bcia oraz nierzadko nietypowych rozwi\u0105za\u0144, w tym mi\u0119dzy innymi wyk\u0142adni zapis\u00f3w obj\u0119tych umow\u0105 sp\u00f3\u0142ki, mog\u0105cych mie\u0107 znacz\u0105cy wp\u0142yw na wyb\u00f3r korzystnego sposobu zako\u0144czenia wszelkich spor\u00f3w.<\/p>\n\n\n\n<figure class=\"wp-block-image size-large\"><img decoding=\"async\" width=\"1024\" height=\"683\" src=\"https:\/\/pragmatiq.pl\/zmianawarty\/wp-content\/uploads\/2022\/12\/d18bb34c-5c3a-4c0d-8e74-020e4a399f37-1024x683.png\" alt=\"\" class=\"wp-image-3333\" srcset=\"https:\/\/pragmatiq.pl\/zmianawarty\/wp-content\/uploads\/2022\/12\/d18bb34c-5c3a-4c0d-8e74-020e4a399f37-1024x683.png 1024w, https:\/\/pragmatiq.pl\/zmianawarty\/wp-content\/uploads\/2022\/12\/d18bb34c-5c3a-4c0d-8e74-020e4a399f37-300x200.png 300w, https:\/\/pragmatiq.pl\/zmianawarty\/wp-content\/uploads\/2022\/12\/d18bb34c-5c3a-4c0d-8e74-020e4a399f37-768x512.png 768w, https:\/\/pragmatiq.pl\/zmianawarty\/wp-content\/uploads\/2022\/12\/d18bb34c-5c3a-4c0d-8e74-020e4a399f37-1536x1024.png 1536w, https:\/\/pragmatiq.pl\/zmianawarty\/wp-content\/uploads\/2022\/12\/d18bb34c-5c3a-4c0d-8e74-020e4a399f37-2048x1365.png 2048w\" sizes=\"(max-width: 767px) 89vw, (max-width: 1000px) 54vw, (max-width: 1071px) 543px, 580px\" \/><\/figure>\n\n\n\n<h2 class=\"wp-block-heading\">Spory korporacyjne<\/h2>\n\n\n\n<p>Warto podkre\u015bli\u0107, i\u017c spory korporacyjne mog\u0105 zdarzy\u0107 si\u0119 zar\u00f3wno w sp\u00f3\u0142kach kapita\u0142owych, osobowych, a tak\u017ce dotyczy\u0107 innych form prowadzenia dzia\u0142alno\u015bci gospodarczej.<br>Ponadto, profesjonalnego doradztwa mo\u017ce potrzebowa\u0107 nie tylko zarz\u0105d, lecz r\u00f3wnie\u017c pojedynczy wsp\u00f3lnik, kt\u00f3ry dzia\u0142a w ramach &#8222;actio pro socio&#8221;, gdy w\u0142a\u015bciwy organ sp\u00f3\u0142ki z ograniczon\u0105 odpowiedzialno\u015bci\u0105 lub sp\u00f3\u0142ki akcyjnej nie wytoczy\u0142 pow\u00f3dztwa o naprawienie szkody sp\u00f3\u0142ce we w\u0142a\u015bciwym czasie.<\/p>\n\n\n\n<h2 class=\"wp-block-heading\">Pomoc prawna w sporach korporacyjnych<\/h2>\n\n\n\n<p>Dlatego te\u017c, aby nie trzeba by\u0142o niepokoi\u0107 si\u0119 o swoje prawa w razie ewentualnych spor\u00f3w korporacyjnych zawsze warto om\u00f3wi\u0107 wszelkie istotne kwestie z kompetentnym zespo\u0142em, dzi\u0119ki kt\u00f3remu nie utracimy mo\u017cliwo\u015bci korzystania z praw udzia\u0142owych w sp\u00f3\u0142ce, kt\u00f3rej po\u015bwi\u0119cili\u015bmy niemal ca\u0142e \u017cycie.<\/p>\n\n\n\n<p>Serdecznie zach\u0119camy wi\u0119c do kontaktu z Kancelari\u0105 PragmatIQ sk\u0142adaj\u0105cej si\u0119 z zespo\u0142u wyspecjalizowanych prawnik\u00f3w, dostosowuj\u0105cych si\u0119 z \u0142atwo\u015bci\u0105 do indywidualnych potrzeb ka\u017cdego klienta, kt\u00f3rzy z przyjemno\u015bci\u0105 odpowiedz\u0105 na wszelkie pytania oraz pomog\u0105 w rozwi\u0105zaniu problem\u00f3w wyst\u0119puj\u0105cych w sp\u00f3\u0142ce. Na <a target=\"_blank\" rel=\"noreferrer noopener\" href=\"https:\/\/pragmatiq.pl\/\">stronie Kancelarii<\/a> mo\u017cna znale\u017a\u0107 wszelkie dane potrzebne do nawi\u0105zania kontaktu z jej prawnikami oraz zapozna\u0107 si\u0119 ze sk\u0142adem ca\u0142ego zespo\u0142u.<\/p>\n","protected":false},"excerpt":{"rendered":"<p>Chronimy, ale tak\u017ce reprezentujemy klient\u00f3w w sporach s\u0105dowych i korporacyjnych Spory korporacyjne zdarzaj\u0105 si\u0119 niemal w\u00a0ka\u017cdej sp\u00f3\u0142ce. Kancelaria PragmatIQ kompleksowo pomaga wsp\u00f3lnikom w\u00a0prowadzeniu spor\u00f3w korporacyjnych z\u00a0pozosta\u0142ymi wsp\u00f3lnikami lub organami sp\u00f3\u0142ki zar\u00f3wno na etapie przedprocesowym jak i w trakcie post\u0119powania. Do\u015bwiadczenie Kancelarii Dotychczas kancelaria PragmatIQ z&nbsp;powodzeniem prowadzi\u0142a: Prawnicy specjalizuj\u0105cy si\u0119 w prawie sp\u00f3\u0142ek Prawnicy z&nbsp;kancelarii PragmatIQ &hellip; <\/p>\n<p class=\"link-more\"><a href=\"https:\/\/pragmatiq.pl\/zmianawarty\/chronimy-ale-takze-reprezentujemy-klientow-w-sporach-sadowych-i-korporacyjnych\/\" class=\"more-link\">Continue reading<span class=\"screen-reader-text\"> &#8222;Chronimy, ale tak\u017ce reprezentujemy klient\u00f3w w sporach s\u0105dowych i korporacyjnych&#8221;<\/span><\/a><\/p>\n","protected":false},"author":27,"featured_media":0,"parent":0,"menu_order":0,"comment_status":"closed","ping_status":"closed","template":"","meta":{"footnotes":""},"class_list":["post-3336","page","type-page","status-publish","hentry"],"_links":{"self":[{"href":"https:\/\/pragmatiq.pl\/zmianawarty\/wp-json\/wp\/v2\/pages\/3336","targetHints":{"allow":["GET"]}}],"collection":[{"href":"https:\/\/pragmatiq.pl\/zmianawarty\/wp-json\/wp\/v2\/pages"}],"about":[{"href":"https:\/\/pragmatiq.pl\/zmianawarty\/wp-json\/wp\/v2\/types\/page"}],"author":[{"embeddable":true,"href":"https:\/\/pragmatiq.pl\/zmianawarty\/wp-json\/wp\/v2\/users\/27"}],"replies":[{"embeddable":true,"href":"https:\/\/pragmatiq.pl\/zmianawarty\/wp-json\/wp\/v2\/comments?post=3336"}],"version-history":[{"count":2,"href":"https:\/\/pragmatiq.pl\/zmianawarty\/wp-json\/wp\/v2\/pages\/3336\/revisions"}],"predecessor-version":[{"id":3902,"href":"https:\/\/pragmatiq.pl\/zmianawarty\/wp-json\/wp\/v2\/pages\/3336\/revisions\/3902"}],"wp:attachment":[{"href":"https:\/\/pragmatiq.pl\/zmianawarty\/wp-json\/wp\/v2\/media?parent=3336"}],"curies":[{"name":"wp","href":"https:\/\/api.w.org\/{rel}","templated":true}]}}