{"id":576,"date":"2022-09-12T11:45:59","date_gmt":"2022-09-12T09:45:59","guid":{"rendered":"https:\/\/mniejszosciowi.pl\/?page_id=576"},"modified":"2022-09-27T14:11:39","modified_gmt":"2022-09-27T12:11:39","slug":"przygotowanie-pakietu-dokumentow-korporacyjnych-kompleksowo-zabezpieczajacych-wspolnikow-mniejszosciowych","status":"publish","type":"page","link":"https:\/\/pragmatiq.pl\/mniejszosciowi\/przygotowanie-pakietu-dokumentow-korporacyjnych-kompleksowo-zabezpieczajacych-wspolnikow-mniejszosciowych\/","title":{"rendered":"Przygotowanie pakietu dokument\u00f3w korporacyjnych kompleksowo zabezpieczaj\u0105cych wsp\u00f3lnik\u00f3w mniejszo\u015bciowych"},"content":{"rendered":"\n<p>W sytuacji sporu korporacyjnego wsp\u00f3lnicy mniejszo\u015bciowi cz\u0119sto bole\u015bnie przekonuj\u0105 si\u0119 o tym, \u017ce nie maj\u0105 \u017cadnego wp\u0142ywu na zarz\u0105dzanie sp\u00f3\u0142k\u0105. Co prawda przepisy prawa przewiduj\u0105 szereg instrument\u00f3w ochrony praw wsp\u00f3lnik\u00f3w mniejszo\u015bciowych, jednak jest to tylko podstawowe minimum.&nbsp;&nbsp;<\/p>\n\n\n\n<div id=\"ez-toc-container\" class=\"ez-toc-v2_0_82_2 counter-hierarchy ez-toc-counter ez-toc-grey ez-toc-container-direction\">\n<nav><ul class='ez-toc-list ez-toc-list-level-1 ' ><li class='ez-toc-page-1 ez-toc-heading-level-2'><a class=\"ez-toc-link ez-toc-heading-1\" href=\"https:\/\/pragmatiq.pl\/mniejszosciowi\/przygotowanie-pakietu-dokumentow-korporacyjnych-kompleksowo-zabezpieczajacych-wspolnikow-mniejszosciowych\/#Przystepujesz_do_spolki_Zadbaj_o_swoje_prawa\" >Przyst\u0119pujesz do sp\u00f3\u0142ki? Zadbaj o swoje prawa!\u00a0<\/a><\/li><li class='ez-toc-page-1 ez-toc-heading-level-2'><a class=\"ez-toc-link ez-toc-heading-2\" href=\"https:\/\/pragmatiq.pl\/mniejszosciowi\/przygotowanie-pakietu-dokumentow-korporacyjnych-kompleksowo-zabezpieczajacych-wspolnikow-mniejszosciowych\/#Co_warto_uregulowac_w_umowie_spolki\" >Co warto uregulowa\u0107 w umowie sp\u00f3\u0142ki?\u00a0<\/a><\/li><li class='ez-toc-page-1 ez-toc-heading-level-2'><a class=\"ez-toc-link ez-toc-heading-3\" href=\"https:\/\/pragmatiq.pl\/mniejszosciowi\/przygotowanie-pakietu-dokumentow-korporacyjnych-kompleksowo-zabezpieczajacych-wspolnikow-mniejszosciowych\/#Sprawa_ktora_zakonczylismy_z_sukcesem\" >Sprawa, kt\u00f3r\u0105 zako\u0144czyli\u015bmy z sukcesem<\/a><\/li><li class='ez-toc-page-1 ez-toc-heading-level-2'><a class=\"ez-toc-link ez-toc-heading-4\" href=\"https:\/\/pragmatiq.pl\/mniejszosciowi\/przygotowanie-pakietu-dokumentow-korporacyjnych-kompleksowo-zabezpieczajacych-wspolnikow-mniejszosciowych\/#Skontaktuj_sie_z_nami\" >Skontaktuj si\u0119 z nami<\/a><ul class='ez-toc-list-level-3' ><li class='ez-toc-heading-level-3'><a class=\"ez-toc-link ez-toc-heading-5\" href=\"https:\/\/pragmatiq.pl\/mniejszosciowi\/przygotowanie-pakietu-dokumentow-korporacyjnych-kompleksowo-zabezpieczajacych-wspolnikow-mniejszosciowych\/#Martyna_Kunke\" >Martyna Kunke<\/a><\/li><\/ul><\/li><\/ul><\/nav><\/div>\n<h2 class=\"wp-block-heading\"><span class=\"ez-toc-section\" id=\"Przystepujesz_do_spolki_Zadbaj_o_swoje_prawa\"><\/span>Przyst\u0119pujesz do sp\u00f3\u0142ki? Zadbaj o swoje prawa!\u00a0<span class=\"ez-toc-section-end\"><\/span><\/h2>\n\n\n\n<p>Tym samym, przyst\u0119puj\u0105c do sp\u00f3\u0142ki warto zadba\u0107, aby rozszerzy\u0107 przys\u0142uguj\u0105ce wsp\u00f3lnikowi mniejszo\u015bciowemu prawa i zagwarantowa\u0107 sobie realn\u0105 kontrol\u0119 nad dzia\u0142alno\u015bci\u0105 sp\u00f3\u0142ki. Je\u017celi chcesz dowiedzie\u0107 si\u0119 na co zwr\u00f3ci\u0107 szczeg\u00f3ln\u0105 uwag\u0119 negocjuj\u0105c tre\u015b\u0107 umowy sp\u00f3\u0142ki i ewentualnych dodatkowych porozumie\u0144 wsp\u00f3lnik\u00f3w \u2013 przeczytaj nasz artyku\u0142 <em><a rel=\"noreferrer noopener\" href=\"https:\/\/pragmatiq.pl\/mniejszosciowi\/co-wspolnik-mniejszosciowy-powinien-wynegocjowac-w-umowie-spolki-z-o-o\/\" data-type=\"URL\" data-id=\"https:\/\/pragmatiq.pl\/mniejszosciowi\/co-wspolnik-mniejszosciowy-powinien-wynegocjowac-w-umowie-spolki-z-o-o\/\" target=\"_blank\">Co wsp\u00f3lnik mniejszo\u015bciowy powinien wynegocjowa\u0107 w umowie sp\u00f3\u0142ki z o.o.?<\/a><\/em> <\/p>\n\n\n\n<p>Do naszej kancelarii zg\u0142osi\u0142 si\u0119 Klient planuj\u0105cy nabycie mniejszo\u015bciowego pakietu udzia\u0142\u00f3w w zyskownej sp\u00f3\u0142ce z ograniczon\u0105 odpowiedzialno\u015bci\u0105. Pomimo niewielkiej liczby udzia\u0142\u00f3w, kt\u00f3re zamierza\u0142 naby\u0107 nasz Klient, nie chcia\u0142 on by\u0107 ca\u0142kowicie pozbawiony wp\u0142ywu na dzia\u0142alno\u015b\u0107 i funkcjonowanie sp\u00f3\u0142ki. Jego priorytetem by\u0142o zagwarantowanie sobie szeregu uprawnie\u0144 w ramach sp\u00f3\u0142ki z o.o.&nbsp;&nbsp;<\/p>\n\n\n\n<h2 class=\"wp-block-heading\"><span class=\"ez-toc-section\" id=\"Co_warto_uregulowac_w_umowie_spolki\"><\/span>Co warto uregulowa\u0107 w umowie sp\u00f3\u0142ki?\u00a0<span class=\"ez-toc-section-end\"><\/span><\/h2>\n\n\n\n<p>Podstawowym celem uczestniczenia w sp\u00f3\u0142ce jest osi\u0105ganie zysku. To, czy wsp\u00f3lnik mniejszo\u015bciowy b\u0119dzie otrzymywa\u0142 dywidend\u0119 zale\u017cy cz\u0119sto od woli wsp\u00f3lnik\u00f3w wi\u0119kszo\u015bciowych, kt\u00f3rzy mog\u0105 podj\u0105\u0107 uchwa\u0142\u0119 o pozostawieniu zysku w sp\u00f3\u0142ce.&nbsp;<\/p>\n\n\n\n<p>Trudno si\u0119 w zwi\u0105zku z tym dziwi\u0107, \u017ce g\u0142\u00f3wnym oczekiwaniem naszego Klienta by\u0142a gwarancja uczestnictwa w zysku sp\u00f3\u0142ki wypracowywanym w danym roku. W toku negocjacji pomi\u0119dzy dotychczasowymi wsp\u00f3lnikami sp\u00f3\u0142ki a naszym Klientem uda\u0142o nam si\u0119 zapewni\u0107 reprezentowanemu przez nas udzia\u0142owcowi prawo do wyp\u0142aty dywidendy w ka\u017cdym roku, w kt\u00f3rym sp\u00f3\u0142ka osi\u0105gnie zysk. O tym w jaki spos\u00f3b wsp\u00f3lnik mniejszo\u015bciowy mo\u017ce zapewni\u0107 sobie wyp\u0142at\u0119 dywidendy mo\u017cesz przeczyta\u0107 w naszym artykule <a href=\"https:\/\/pragmatiq.pl\/mniejszosciowi\/jak-wspolnik-mniejszosciowy-moze-zagwarantowac-sobie-wyplate-dywidendy\/\" data-type=\"URL\" data-id=\"https:\/\/pragmatiq.pl\/mniejszosciowi\/jak-wspolnik-mniejszosciowy-moze-zagwarantowac-sobie-wyplate-dywidendy\/\" target=\"_blank\" rel=\"noreferrer noopener\"><em>Jak wsp\u00f3lnik mniejszo\u015bciowy mo\u017ce zagwarantowa\u0107 sobie wyp\u0142at\u0119 dywidendy?<\/em> <\/a><\/p>\n\n\n\n<figure class=\"wp-block-image size-large is-resized\"><img loading=\"lazy\" decoding=\"async\" src=\"https:\/\/pragmatiq.pl\/mniejszosciowi\/wp-content\/uploads\/2022\/09\/Pomoc-prawna-w-rozwiazaniu-i-likwidacji-spolki-1024x683.jpg\" alt=\"Co warto uregulowa\u0107 w umowie sp\u00f3\u0142ki?\u00a0\" class=\"wp-image-570\" width=\"768\" height=\"512\" srcset=\"https:\/\/pragmatiq.pl\/mniejszosciowi\/wp-content\/uploads\/2022\/09\/Pomoc-prawna-w-rozwiazaniu-i-likwidacji-spolki-1024x683.jpg 1024w, https:\/\/pragmatiq.pl\/mniejszosciowi\/wp-content\/uploads\/2022\/09\/Pomoc-prawna-w-rozwiazaniu-i-likwidacji-spolki-300x200.jpg 300w, https:\/\/pragmatiq.pl\/mniejszosciowi\/wp-content\/uploads\/2022\/09\/Pomoc-prawna-w-rozwiazaniu-i-likwidacji-spolki-768x512.jpg 768w, https:\/\/pragmatiq.pl\/mniejszosciowi\/wp-content\/uploads\/2022\/09\/Pomoc-prawna-w-rozwiazaniu-i-likwidacji-spolki.jpg 1500w\" sizes=\"auto, (max-width: 767px) 89vw, (max-width: 1000px) 54vw, (max-width: 1071px) 543px, 580px\" \/><\/figure>\n\n\n\n<p>Naszemu Klientowi zale\u017ca\u0142o tak\u017ce na posiadaniu realnego wp\u0142ywu na spos\u00f3b zarz\u0105dzania sp\u00f3\u0142k\u0105. Zaproponowane przez nas rozwi\u0105zania umo\u017cliwi\u0142y mniejszo\u015bciowemu wsp\u00f3lnikowi powo\u0142ywanie jednego cz\u0142onka zarz\u0105du. Jednocze\u015bnie, odpowiednie ukszta\u0142towanie zasad prowadzenia spraw sp\u00f3\u0142ki spowodowa\u0142o, \u017ce do podj\u0119cia kluczowych z perspektywy sp\u00f3\u0142ki dzia\u0142a\u0144 konieczna by\u0142a zgoda wskazanego przez naszego Klienta cz\u0142onka zarz\u0105du.&nbsp;<\/p>\n\n\n\n<h2 class=\"wp-block-heading\"><span class=\"ez-toc-section\" id=\"Sprawa_ktora_zakonczylismy_z_sukcesem\"><\/span>Sprawa, kt\u00f3r\u0105 zako\u0144czyli\u015bmy z sukcesem<span class=\"ez-toc-section-end\"><\/span><\/h2>\n\n\n\n<ul class=\"wp-block-list\"><li>wsp\u00f3lnicy planowali wsp\u00f3lne prowadzenie inwestycji polegaj\u0105cej na&nbsp;budowie biurowca i&nbsp;jego p\u00f3\u017aniejszej sprzeda\u017cy, przy czym nasz Klient mia\u0142 wnie\u015b\u0107 do&nbsp;sp\u00f3\u0142ki \u015brodki pieni\u0119\u017cne, a&nbsp;drugi wsp\u00f3lnik posiada\u0142 niezb\u0119dny know-how,<\/li><li>naszemu Klientowi zale\u017ca\u0142o na&nbsp;zabezpieczeniu mo\u017cliwo\u015bci wycofania si\u0119 przez&nbsp;niego ze&nbsp;sp\u00f3\u0142ki w&nbsp;sytuacji wyst\u0105pienia w&nbsp;sp\u00f3\u0142ce konfliktu lub pata decyzyjnego,<\/li><li>zaproponowane przez&nbsp;nas postanowienia zagwarantowa\u0142y naszemu Klientowi mo\u017cliwo\u015b\u0107 wycofania si\u0119 ze&nbsp;sp\u00f3\u0142ki, przy jednoczesnym zwrocie zainwestowanych \u015brodk\u00f3w.<\/li><\/ul>\n\n\n\n<p>Je\u015bli przyst\u0119pujesz do sp\u00f3\u0142ki jako wsp\u00f3lnik mniejszo\u015bciowy i chcia\u0142by\u015b zabezpieczy\u0107 swoje prawa w sp\u00f3\u0142ce \u2013 <strong>skontaktuj si\u0119 z nami<\/strong>. Pomo\u017cemy Ci wynegocjowa\u0107 dokumenty tak, aby Twoje uprawnienia by\u0142y respektowane.&nbsp;<\/p>\n\n\n\n<h2 class=\"wp-block-heading\"><span class=\"ez-toc-section\" id=\"Skontaktuj_sie_z_nami\"><\/span>Skontaktuj si\u0119 z nami<span class=\"ez-toc-section-end\"><\/span><\/h2>\n\n\n\n<div class=\"wp-block-columns is-layout-flex wp-container-core-columns-is-layout-9d6595d7 wp-block-columns-is-layout-flex\">\n<div class=\"wp-block-column is-vertically-aligned-center is-layout-flow wp-block-column-is-layout-flow\" style=\"flex-basis:33.33%\">\n<div class=\"wp-block-image is-style-rounded\"><figure class=\"aligncenter size-thumbnail\"><img loading=\"lazy\" decoding=\"async\" width=\"150\" height=\"150\" src=\"https:\/\/pragmatiq.pl\/mniejszosciowi\/wp-content\/uploads\/2021\/11\/martyna-kunke-150x150.png\" alt=\"\" class=\"wp-image-469\" srcset=\"https:\/\/pragmatiq.pl\/mniejszosciowi\/wp-content\/uploads\/2021\/11\/martyna-kunke-150x150.png 150w, https:\/\/pragmatiq.pl\/mniejszosciowi\/wp-content\/uploads\/2021\/11\/martyna-kunke-100x100.png 100w\" sizes=\"auto, (max-width: 150px) 100vw, 150px\" \/><\/figure><\/div>\n<\/div>\n\n\n\n<div class=\"wp-block-column is-layout-flow wp-block-column-is-layout-flow\" style=\"flex-basis:66.66%\">\n<h3 class=\"wp-block-heading\"><span class=\"ez-toc-section\" id=\"Martyna_Kunke\"><\/span><strong>Martyna Kunke<\/strong><span class=\"ez-toc-section-end\"><\/span><\/h3>\n\n\n\n<p>Radca prawny<br>Specjalizacja: prawo sp\u00f3\u0142ek, spory korporacyjne<\/p>\n\n\n\n<p>Martyna zajmuje si\u0119 doradztwem w zakresie spor\u00f3w wsp\u00f3lnik\u00f3w, w ramach kt\u00f3rego przygotowuje umowy sp\u00f3\u0142ek oraz porozumienia wsp\u00f3lnik\u00f3w, a tak\u017ce prowadzi post\u0119powania s\u0105dowe z zakresu konflikt\u00f3w korporacyjnych. Do jej zada\u0144 nale\u017cy tak\u017ce reprezentowanie klient\u00f3w podczas zgromadze\u0144 wsp\u00f3lnik\u00f3w.<\/p>\n\n\n\n<p>Napisz wiadomo\u015b\u0107 mailow\u0105 na: <a href=\"mailto:mniejszosciowi@pragmatiq.pl\">mniejszosciowi@pragmatiq.pl<\/a><\/p>\n\n\n\n<p>lub zadzwo\u0144: 61 8 618 000<\/p>\n<\/div>\n<\/div>\n","protected":false},"excerpt":{"rendered":"<p>W sytuacji sporu korporacyjnego wsp\u00f3lnicy mniejszo\u015bciowi cz\u0119sto bole\u015bnie przekonuj\u0105 si\u0119 o tym, \u017ce nie maj\u0105 \u017cadnego wp\u0142ywu na zarz\u0105dzanie sp\u00f3\u0142k\u0105. Co prawda przepisy prawa przewiduj\u0105 szereg instrument\u00f3w ochrony praw wsp\u00f3lnik\u00f3w mniejszo\u015bciowych, jednak jest to tylko podstawowe minimum.&nbsp;&nbsp; Przyst\u0119pujesz do sp\u00f3\u0142ki? Zadbaj o swoje prawa!\u00a0 Tym samym, przyst\u0119puj\u0105c do sp\u00f3\u0142ki warto zadba\u0107, aby rozszerzy\u0107 przys\u0142uguj\u0105ce wsp\u00f3lnikowi &hellip; <\/p>\n<p class=\"link-more\"><a href=\"https:\/\/pragmatiq.pl\/mniejszosciowi\/przygotowanie-pakietu-dokumentow-korporacyjnych-kompleksowo-zabezpieczajacych-wspolnikow-mniejszosciowych\/\" class=\"more-link\">Continue reading<span class=\"screen-reader-text\"> &#8222;Przygotowanie pakietu dokument\u00f3w korporacyjnych kompleksowo zabezpieczaj\u0105cych wsp\u00f3lnik\u00f3w mniejszo\u015bciowych&#8221;<\/span><\/a><\/p>\n","protected":false},"author":9,"featured_media":0,"parent":0,"menu_order":0,"comment_status":"closed","ping_status":"closed","template":"","meta":{"_acf_changed":false,"footnotes":""},"class_list":["post-576","page","type-page","status-publish","hentry"],"acf":[],"yoast_head":"<!-- This site is optimized with the Yoast SEO plugin v27.3 - https:\/\/yoast.com\/product\/yoast-seo-wordpress\/ -->\n<title>Przygotowanie pakietu dokument\u00f3w korporacyjnych kompleksowo zabezpieczaj\u0105cych wsp\u00f3lnik\u00f3w mniejszo\u015bciowych | mniejszosciowi.pl<\/title>\n<meta name=\"robots\" content=\"index, follow, max-snippet:-1, max-image-preview:large, max-video-preview:-1\" \/>\n<link rel=\"canonical\" href=\"https:\/\/pragmatiq.pl\/mniejszosciowi\/przygotowanie-pakietu-dokumentow-korporacyjnych-kompleksowo-zabezpieczajacych-wspolnikow-mniejszosciowych\/\" \/>\n<meta property=\"og:locale\" content=\"pl_PL\" \/>\n<meta property=\"og:type\" content=\"article\" \/>\n<meta property=\"og:title\" content=\"Przygotowanie pakietu dokument\u00f3w korporacyjnych kompleksowo zabezpieczaj\u0105cych wsp\u00f3lnik\u00f3w mniejszo\u015bciowych | mniejszosciowi.pl\" \/>\n<meta property=\"og:description\" content=\"W sytuacji sporu korporacyjnego wsp\u00f3lnicy mniejszo\u015bciowi cz\u0119sto bole\u015bnie przekonuj\u0105 si\u0119 o tym, \u017ce nie maj\u0105 \u017cadnego wp\u0142ywu na zarz\u0105dzanie sp\u00f3\u0142k\u0105. Co prawda przepisy prawa przewiduj\u0105 szereg instrument\u00f3w ochrony praw wsp\u00f3lnik\u00f3w mniejszo\u015bciowych, jednak jest to tylko podstawowe minimum.&nbsp;&nbsp; Przyst\u0119pujesz do sp\u00f3\u0142ki? Zadbaj o swoje prawa!\u00a0 Tym samym, przyst\u0119puj\u0105c do sp\u00f3\u0142ki warto zadba\u0107, aby rozszerzy\u0107 przys\u0142uguj\u0105ce wsp\u00f3lnikowi &hellip; Continue reading &quot;Przygotowanie pakietu dokument\u00f3w korporacyjnych kompleksowo zabezpieczaj\u0105cych wsp\u00f3lnik\u00f3w mniejszo\u015bciowych&quot;\" \/>\n<meta property=\"og:url\" content=\"https:\/\/pragmatiq.pl\/mniejszosciowi\/przygotowanie-pakietu-dokumentow-korporacyjnych-kompleksowo-zabezpieczajacych-wspolnikow-mniejszosciowych\/\" \/>\n<meta property=\"og:site_name\" content=\"Mniejszo\u015bciowi\" \/>\n<meta property=\"article:modified_time\" content=\"2022-09-27T12:11:39+00:00\" \/>\n<meta property=\"og:image\" content=\"https:\/\/pragmatiq.pl\/mniejszosciowi\/wp-content\/uploads\/2022\/09\/Pomoc-prawna-w-rozwiazaniu-i-likwidacji-spolki-1024x683.jpg\" \/>\n<meta name=\"twitter:card\" content=\"summary_large_image\" \/>\n<meta name=\"twitter:label1\" content=\"Szacowany czas czytania\" \/>\n\t<meta name=\"twitter:data1\" content=\"3 minuty\" \/>\n<script type=\"application\/ld+json\" class=\"yoast-schema-graph\">{\"@context\":\"https:\\\/\\\/schema.org\",\"@graph\":[{\"@type\":\"WebPage\",\"@id\":\"https:\\\/\\\/pragmatiq.pl\\\/mniejszosciowi\\\/przygotowanie-pakietu-dokumentow-korporacyjnych-kompleksowo-zabezpieczajacych-wspolnikow-mniejszosciowych\\\/\",\"url\":\"https:\\\/\\\/pragmatiq.pl\\\/mniejszosciowi\\\/przygotowanie-pakietu-dokumentow-korporacyjnych-kompleksowo-zabezpieczajacych-wspolnikow-mniejszosciowych\\\/\",\"name\":\"Przygotowanie pakietu dokument\u00f3w korporacyjnych kompleksowo zabezpieczaj\u0105cych wsp\u00f3lnik\u00f3w mniejszo\u015bciowych | mniejszosciowi.pl\",\"isPartOf\":{\"@id\":\"https:\\\/\\\/pragmatiq.pl\\\/mniejszosciowi\\\/#website\"},\"primaryImageOfPage\":{\"@id\":\"https:\\\/\\\/pragmatiq.pl\\\/mniejszosciowi\\\/przygotowanie-pakietu-dokumentow-korporacyjnych-kompleksowo-zabezpieczajacych-wspolnikow-mniejszosciowych\\\/#primaryimage\"},\"image\":{\"@id\":\"https:\\\/\\\/pragmatiq.pl\\\/mniejszosciowi\\\/przygotowanie-pakietu-dokumentow-korporacyjnych-kompleksowo-zabezpieczajacych-wspolnikow-mniejszosciowych\\\/#primaryimage\"},\"thumbnailUrl\":\"https:\\\/\\\/pragmatiq.pl\\\/mniejszosciowi\\\/wp-content\\\/uploads\\\/2022\\\/09\\\/Pomoc-prawna-w-rozwiazaniu-i-likwidacji-spolki-1024x683.jpg\",\"datePublished\":\"2022-09-12T09:45:59+00:00\",\"dateModified\":\"2022-09-27T12:11:39+00:00\",\"breadcrumb\":{\"@id\":\"https:\\\/\\\/pragmatiq.pl\\\/mniejszosciowi\\\/przygotowanie-pakietu-dokumentow-korporacyjnych-kompleksowo-zabezpieczajacych-wspolnikow-mniejszosciowych\\\/#breadcrumb\"},\"inLanguage\":\"pl-PL\",\"potentialAction\":[{\"@type\":\"ReadAction\",\"target\":[\"https:\\\/\\\/pragmatiq.pl\\\/mniejszosciowi\\\/przygotowanie-pakietu-dokumentow-korporacyjnych-kompleksowo-zabezpieczajacych-wspolnikow-mniejszosciowych\\\/\"]}]},{\"@type\":\"ImageObject\",\"inLanguage\":\"pl-PL\",\"@id\":\"https:\\\/\\\/pragmatiq.pl\\\/mniejszosciowi\\\/przygotowanie-pakietu-dokumentow-korporacyjnych-kompleksowo-zabezpieczajacych-wspolnikow-mniejszosciowych\\\/#primaryimage\",\"url\":\"https:\\\/\\\/pragmatiq.pl\\\/mniejszosciowi\\\/wp-content\\\/uploads\\\/2022\\\/09\\\/Pomoc-prawna-w-rozwiazaniu-i-likwidacji-spolki-1024x683.jpg\",\"contentUrl\":\"https:\\\/\\\/pragmatiq.pl\\\/mniejszosciowi\\\/wp-content\\\/uploads\\\/2022\\\/09\\\/Pomoc-prawna-w-rozwiazaniu-i-likwidacji-spolki-1024x683.jpg\"},{\"@type\":\"BreadcrumbList\",\"@id\":\"https:\\\/\\\/pragmatiq.pl\\\/mniejszosciowi\\\/przygotowanie-pakietu-dokumentow-korporacyjnych-kompleksowo-zabezpieczajacych-wspolnikow-mniejszosciowych\\\/#breadcrumb\",\"itemListElement\":[{\"@type\":\"ListItem\",\"position\":1,\"name\":\"Strona g\u0142\u00f3wna\",\"item\":\"https:\\\/\\\/pragmatiq.pl\\\/mniejszosciowi\\\/\"},{\"@type\":\"ListItem\",\"position\":2,\"name\":\"Przygotowanie pakietu dokument\u00f3w korporacyjnych kompleksowo zabezpieczaj\u0105cych wsp\u00f3lnik\u00f3w mniejszo\u015bciowych\"}]},{\"@type\":\"WebSite\",\"@id\":\"https:\\\/\\\/pragmatiq.pl\\\/mniejszosciowi\\\/#website\",\"url\":\"https:\\\/\\\/pragmatiq.pl\\\/mniejszosciowi\\\/\",\"name\":\"Mniejszo\u015bciowi\",\"description\":\"\",\"publisher\":{\"@id\":\"https:\\\/\\\/pragmatiq.pl\\\/mniejszosciowi\\\/#organization\"},\"potentialAction\":[{\"@type\":\"SearchAction\",\"target\":{\"@type\":\"EntryPoint\",\"urlTemplate\":\"https:\\\/\\\/pragmatiq.pl\\\/mniejszosciowi\\\/?s={search_term_string}\"},\"query-input\":{\"@type\":\"PropertyValueSpecification\",\"valueRequired\":true,\"valueName\":\"search_term_string\"}}],\"inLanguage\":\"pl-PL\"},{\"@type\":\"Organization\",\"@id\":\"https:\\\/\\\/pragmatiq.pl\\\/mniejszosciowi\\\/#organization\",\"name\":\"Mniejszo\u015bciowi\",\"url\":\"https:\\\/\\\/pragmatiq.pl\\\/mniejszosciowi\\\/\",\"logo\":{\"@type\":\"ImageObject\",\"inLanguage\":\"pl-PL\",\"@id\":\"https:\\\/\\\/pragmatiq.pl\\\/mniejszosciowi\\\/#\\\/schema\\\/logo\\\/image\\\/\",\"url\":\"https:\\\/\\\/pragmatiq.pl\\\/mniejszosciowi\\\/wp-content\\\/uploads\\\/2018\\\/05\\\/cropped-logo.png\",\"contentUrl\":\"https:\\\/\\\/pragmatiq.pl\\\/mniejszosciowi\\\/wp-content\\\/uploads\\\/2018\\\/05\\\/cropped-logo.png\",\"width\":952,\"height\":250,\"caption\":\"Mniejszo\u015bciowi\"},\"image\":{\"@id\":\"https:\\\/\\\/pragmatiq.pl\\\/mniejszosciowi\\\/#\\\/schema\\\/logo\\\/image\\\/\"}}]}<\/script>\n<!-- \/ Yoast SEO plugin. -->","yoast_head_json":{"title":"Przygotowanie pakietu dokument\u00f3w korporacyjnych kompleksowo zabezpieczaj\u0105cych wsp\u00f3lnik\u00f3w mniejszo\u015bciowych | mniejszosciowi.pl","robots":{"index":"index","follow":"follow","max-snippet":"max-snippet:-1","max-image-preview":"max-image-preview:large","max-video-preview":"max-video-preview:-1"},"canonical":"https:\/\/pragmatiq.pl\/mniejszosciowi\/przygotowanie-pakietu-dokumentow-korporacyjnych-kompleksowo-zabezpieczajacych-wspolnikow-mniejszosciowych\/","og_locale":"pl_PL","og_type":"article","og_title":"Przygotowanie pakietu dokument\u00f3w korporacyjnych kompleksowo zabezpieczaj\u0105cych wsp\u00f3lnik\u00f3w mniejszo\u015bciowych | mniejszosciowi.pl","og_description":"W sytuacji sporu korporacyjnego wsp\u00f3lnicy mniejszo\u015bciowi cz\u0119sto bole\u015bnie przekonuj\u0105 si\u0119 o tym, \u017ce nie maj\u0105 \u017cadnego wp\u0142ywu na zarz\u0105dzanie sp\u00f3\u0142k\u0105. Co prawda przepisy prawa przewiduj\u0105 szereg instrument\u00f3w ochrony praw wsp\u00f3lnik\u00f3w mniejszo\u015bciowych, jednak jest to tylko podstawowe minimum.&nbsp;&nbsp; Przyst\u0119pujesz do sp\u00f3\u0142ki? Zadbaj o swoje prawa!\u00a0 Tym samym, przyst\u0119puj\u0105c do sp\u00f3\u0142ki warto zadba\u0107, aby rozszerzy\u0107 przys\u0142uguj\u0105ce wsp\u00f3lnikowi &hellip; Continue reading \"Przygotowanie pakietu dokument\u00f3w korporacyjnych kompleksowo zabezpieczaj\u0105cych wsp\u00f3lnik\u00f3w mniejszo\u015bciowych\"","og_url":"https:\/\/pragmatiq.pl\/mniejszosciowi\/przygotowanie-pakietu-dokumentow-korporacyjnych-kompleksowo-zabezpieczajacych-wspolnikow-mniejszosciowych\/","og_site_name":"Mniejszo\u015bciowi","article_modified_time":"2022-09-27T12:11:39+00:00","og_image":[{"url":"https:\/\/pragmatiq.pl\/mniejszosciowi\/wp-content\/uploads\/2022\/09\/Pomoc-prawna-w-rozwiazaniu-i-likwidacji-spolki-1024x683.jpg","type":"","width":"","height":""}],"twitter_card":"summary_large_image","twitter_misc":{"Szacowany czas czytania":"3 minuty"},"schema":{"@context":"https:\/\/schema.org","@graph":[{"@type":"WebPage","@id":"https:\/\/pragmatiq.pl\/mniejszosciowi\/przygotowanie-pakietu-dokumentow-korporacyjnych-kompleksowo-zabezpieczajacych-wspolnikow-mniejszosciowych\/","url":"https:\/\/pragmatiq.pl\/mniejszosciowi\/przygotowanie-pakietu-dokumentow-korporacyjnych-kompleksowo-zabezpieczajacych-wspolnikow-mniejszosciowych\/","name":"Przygotowanie pakietu dokument\u00f3w korporacyjnych kompleksowo zabezpieczaj\u0105cych wsp\u00f3lnik\u00f3w mniejszo\u015bciowych | mniejszosciowi.pl","isPartOf":{"@id":"https:\/\/pragmatiq.pl\/mniejszosciowi\/#website"},"primaryImageOfPage":{"@id":"https:\/\/pragmatiq.pl\/mniejszosciowi\/przygotowanie-pakietu-dokumentow-korporacyjnych-kompleksowo-zabezpieczajacych-wspolnikow-mniejszosciowych\/#primaryimage"},"image":{"@id":"https:\/\/pragmatiq.pl\/mniejszosciowi\/przygotowanie-pakietu-dokumentow-korporacyjnych-kompleksowo-zabezpieczajacych-wspolnikow-mniejszosciowych\/#primaryimage"},"thumbnailUrl":"https:\/\/pragmatiq.pl\/mniejszosciowi\/wp-content\/uploads\/2022\/09\/Pomoc-prawna-w-rozwiazaniu-i-likwidacji-spolki-1024x683.jpg","datePublished":"2022-09-12T09:45:59+00:00","dateModified":"2022-09-27T12:11:39+00:00","breadcrumb":{"@id":"https:\/\/pragmatiq.pl\/mniejszosciowi\/przygotowanie-pakietu-dokumentow-korporacyjnych-kompleksowo-zabezpieczajacych-wspolnikow-mniejszosciowych\/#breadcrumb"},"inLanguage":"pl-PL","potentialAction":[{"@type":"ReadAction","target":["https:\/\/pragmatiq.pl\/mniejszosciowi\/przygotowanie-pakietu-dokumentow-korporacyjnych-kompleksowo-zabezpieczajacych-wspolnikow-mniejszosciowych\/"]}]},{"@type":"ImageObject","inLanguage":"pl-PL","@id":"https:\/\/pragmatiq.pl\/mniejszosciowi\/przygotowanie-pakietu-dokumentow-korporacyjnych-kompleksowo-zabezpieczajacych-wspolnikow-mniejszosciowych\/#primaryimage","url":"https:\/\/pragmatiq.pl\/mniejszosciowi\/wp-content\/uploads\/2022\/09\/Pomoc-prawna-w-rozwiazaniu-i-likwidacji-spolki-1024x683.jpg","contentUrl":"https:\/\/pragmatiq.pl\/mniejszosciowi\/wp-content\/uploads\/2022\/09\/Pomoc-prawna-w-rozwiazaniu-i-likwidacji-spolki-1024x683.jpg"},{"@type":"BreadcrumbList","@id":"https:\/\/pragmatiq.pl\/mniejszosciowi\/przygotowanie-pakietu-dokumentow-korporacyjnych-kompleksowo-zabezpieczajacych-wspolnikow-mniejszosciowych\/#breadcrumb","itemListElement":[{"@type":"ListItem","position":1,"name":"Strona g\u0142\u00f3wna","item":"https:\/\/pragmatiq.pl\/mniejszosciowi\/"},{"@type":"ListItem","position":2,"name":"Przygotowanie pakietu dokument\u00f3w korporacyjnych kompleksowo zabezpieczaj\u0105cych wsp\u00f3lnik\u00f3w mniejszo\u015bciowych"}]},{"@type":"WebSite","@id":"https:\/\/pragmatiq.pl\/mniejszosciowi\/#website","url":"https:\/\/pragmatiq.pl\/mniejszosciowi\/","name":"Mniejszo\u015bciowi","description":"","publisher":{"@id":"https:\/\/pragmatiq.pl\/mniejszosciowi\/#organization"},"potentialAction":[{"@type":"SearchAction","target":{"@type":"EntryPoint","urlTemplate":"https:\/\/pragmatiq.pl\/mniejszosciowi\/?s={search_term_string}"},"query-input":{"@type":"PropertyValueSpecification","valueRequired":true,"valueName":"search_term_string"}}],"inLanguage":"pl-PL"},{"@type":"Organization","@id":"https:\/\/pragmatiq.pl\/mniejszosciowi\/#organization","name":"Mniejszo\u015bciowi","url":"https:\/\/pragmatiq.pl\/mniejszosciowi\/","logo":{"@type":"ImageObject","inLanguage":"pl-PL","@id":"https:\/\/pragmatiq.pl\/mniejszosciowi\/#\/schema\/logo\/image\/","url":"https:\/\/pragmatiq.pl\/mniejszosciowi\/wp-content\/uploads\/2018\/05\/cropped-logo.png","contentUrl":"https:\/\/pragmatiq.pl\/mniejszosciowi\/wp-content\/uploads\/2018\/05\/cropped-logo.png","width":952,"height":250,"caption":"Mniejszo\u015bciowi"},"image":{"@id":"https:\/\/pragmatiq.pl\/mniejszosciowi\/#\/schema\/logo\/image\/"}}]}},"_links":{"self":[{"href":"https:\/\/pragmatiq.pl\/mniejszosciowi\/wp-json\/wp\/v2\/pages\/576","targetHints":{"allow":["GET"]}}],"collection":[{"href":"https:\/\/pragmatiq.pl\/mniejszosciowi\/wp-json\/wp\/v2\/pages"}],"about":[{"href":"https:\/\/pragmatiq.pl\/mniejszosciowi\/wp-json\/wp\/v2\/types\/page"}],"author":[{"embeddable":true,"href":"https:\/\/pragmatiq.pl\/mniejszosciowi\/wp-json\/wp\/v2\/users\/9"}],"replies":[{"embeddable":true,"href":"https:\/\/pragmatiq.pl\/mniejszosciowi\/wp-json\/wp\/v2\/comments?post=576"}],"version-history":[{"count":9,"href":"https:\/\/pragmatiq.pl\/mniejszosciowi\/wp-json\/wp\/v2\/pages\/576\/revisions"}],"predecessor-version":[{"id":651,"href":"https:\/\/pragmatiq.pl\/mniejszosciowi\/wp-json\/wp\/v2\/pages\/576\/revisions\/651"}],"wp:attachment":[{"href":"https:\/\/pragmatiq.pl\/mniejszosciowi\/wp-json\/wp\/v2\/media?parent=576"}],"curies":[{"name":"wp","href":"https:\/\/api.w.org\/{rel}","templated":true}]}}