{"id":416,"date":"2021-06-16T12:19:05","date_gmt":"2021-06-16T10:19:05","guid":{"rendered":"https:\/\/mniejszosciowi.pl\/?page_id=416"},"modified":"2022-09-27T14:49:00","modified_gmt":"2022-09-27T12:49:00","slug":"nasze-sprawy","status":"publish","type":"page","link":"https:\/\/pragmatiq.pl\/mniejszosciowi\/nasze-sprawy\/","title":{"rendered":"Nasze sprawy"},"content":{"rendered":"\n<p><\/p>\n\n\n\n<div class=\"wp-block-columns are-vertically-aligned-center is-layout-flex wp-container-core-columns-is-layout-9d6595d7 wp-block-columns-is-layout-flex\">\n<div class=\"wp-block-column is-vertically-aligned-center is-layout-flow wp-block-column-is-layout-flow\">\n<figure class=\"wp-block-image size-large\"><img loading=\"lazy\" decoding=\"async\" width=\"936\" height=\"1024\" src=\"https:\/\/pragmatiq.pl\/mniejszosciowi\/wp-content\/uploads\/2021\/06\/1-936x1024.png\" alt=\"\" class=\"wp-image-435\" srcset=\"https:\/\/pragmatiq.pl\/mniejszosciowi\/wp-content\/uploads\/2021\/06\/1-936x1024.png 936w, https:\/\/pragmatiq.pl\/mniejszosciowi\/wp-content\/uploads\/2021\/06\/1-274x300.png 274w, https:\/\/pragmatiq.pl\/mniejszosciowi\/wp-content\/uploads\/2021\/06\/1-768x840.png 768w, https:\/\/pragmatiq.pl\/mniejszosciowi\/wp-content\/uploads\/2021\/06\/1.png 1028w\" sizes=\"auto, (max-width: 767px) 89vw, (max-width: 1000px) 54vw, (max-width: 1071px) 543px, 580px\" \/><\/figure>\n<\/div>\n\n\n\n<div class=\"wp-block-column is-vertically-aligned-center is-layout-flow wp-block-column-is-layout-flow\">\n<div id=\"ez-toc-container\" class=\"ez-toc-v2_0_82_2 counter-hierarchy ez-toc-counter ez-toc-grey ez-toc-container-direction\">\n<nav><ul class='ez-toc-list ez-toc-list-level-1 ' ><li class='ez-toc-page-1 ez-toc-heading-level-2'><a class=\"ez-toc-link ez-toc-heading-1\" href=\"https:\/\/pragmatiq.pl\/mniejszosciowi\/nasze-sprawy\/#Doprowadzenie_do_splaty_wspolnika_mniejszosciowego_poprzez_umorzenie_jego_udzialow_w_spolce_z_oo\" >Doprowadzenie do sp\u0142aty wsp\u00f3lnika mniejszo\u015bciowego poprzez umorzenie jego udzia\u0142\u00f3w w sp\u00f3\u0142ce z o.o.<\/a><\/li><li class='ez-toc-page-1 ez-toc-heading-level-2'><a class=\"ez-toc-link ez-toc-heading-2\" href=\"https:\/\/pragmatiq.pl\/mniejszosciowi\/nasze-sprawy\/#Doprowadzenie_do_rozejscia_sie_wspolnikow_poprzez_przejecie_przez_wspolnika_mniejszosciowego_czesci_spolek_z_grupy_kapitalowej\" >Doprowadzenie do rozej\u015bcia si\u0119 wsp\u00f3lnik\u00f3w poprzez przej\u0119cie przez wsp\u00f3lnika mniejszo\u015bciowego cz\u0119\u015bci sp\u00f3\u0142ek z grupy kapita\u0142owej<\/a><\/li><li class='ez-toc-page-1 ez-toc-heading-level-2'><a class=\"ez-toc-link ez-toc-heading-3\" href=\"https:\/\/pragmatiq.pl\/mniejszosciowi\/nasze-sprawy\/#Skuteczne_zaskarzenie_uchwaly_o_doplatach_oraz_doprowadzenie_do_wystapienia_i_splaty_wspolnika_mniejszosciowego\" >Skuteczne zaskar\u017cenie uchwa\u0142y o dop\u0142atach oraz doprowadzenie do wyst\u0105pienia i sp\u0142aty wsp\u00f3lnika mniejszo\u015bciowego<\/a><\/li><li class='ez-toc-page-1 ez-toc-heading-level-2'><a class=\"ez-toc-link ez-toc-heading-4\" href=\"https:\/\/pragmatiq.pl\/mniejszosciowi\/nasze-sprawy\/#Przeciwdzialanie_wykonaniu_umowy_opcji_i_przejeciu_udzialow_naszego_Klienta\" >Przeciwdzia\u0142anie wykonaniu umowy opcji i przej\u0119ciu udzia\u0142\u00f3w naszego Klienta<\/a><\/li><li class='ez-toc-page-1 ez-toc-heading-level-2'><a class=\"ez-toc-link ez-toc-heading-5\" href=\"https:\/\/pragmatiq.pl\/mniejszosciowi\/nasze-sprawy\/#Przygotowanie_pakietu_dokumentow_korporacyjnych_kompleksowo_zabezpieczajacych_wspolnikow_mniejszosciowych\" >Przygotowanie pakietu dokument\u00f3w korporacyjnych kompleksowo zabezpieczaj\u0105cych wsp\u00f3lnik\u00f3w mniejszo\u015bciowych<\/a><\/li><li class='ez-toc-page-1 ez-toc-heading-level-2'><a class=\"ez-toc-link ez-toc-heading-6\" href=\"https:\/\/pragmatiq.pl\/mniejszosciowi\/nasze-sprawy\/#Przygotowanie_rozwiazan_regulujacych_zasady_rozejscia_sie_wspolnikow_na_wypadek_wystapienia_konfliktu_i_powstania_pata_decyzyjnego_w_ramach_spolki\" >Przygotowanie rozwi\u0105za\u0144 reguluj\u0105cych zasady rozej\u015bcia si\u0119 wsp\u00f3lnik\u00f3w na wypadek wyst\u0105pienia konfliktu i powstania pata decyzyjnego w ramach sp\u00f3\u0142ki<\/a><\/li><\/ul><\/nav><\/div>\n<h2 class=\"wp-block-heading\"><span class=\"ez-toc-section\" id=\"Doprowadzenie_do_splaty_wspolnika_mniejszosciowego_poprzez_umorzenie_jego_udzialow_w_spolce_z_oo\"><\/span><strong>Doprowadzenie do sp\u0142aty wsp\u00f3lnika mniejszo\u015bciowego poprzez umorzenie jego udzia\u0142\u00f3w w sp\u00f3\u0142ce z o.o.<\/strong><span class=\"ez-toc-section-end\"><\/span><\/h2>\n\n\n\n<ul class=\"wp-block-list\"><li>prawa naszego Klienta jako mniejszo\u015bciowego wsp\u00f3lnika by\u0142y notorycznie naruszane (m.in. poprzez brak wyp\u0142aty dywidendy oraz pozbawianie go informacji o sp\u00f3\u0142ce), podczas gdy wsp\u00f3lnik wi\u0119kszo\u015bciowy czerpa\u0142 ze sp\u00f3\u0142ki korzy\u015bci (np. w postaci wynagrodzenia za pe\u0142nienie funkcji w zarz\u0105dzie), <\/li><li>celem naszego Klienta by\u0142o opuszczenie sp\u00f3\u0142ki za sp\u0142at\u0105 odpowiadaj\u0105c\u0105 rzeczywistej warto\u015bci jego udzia\u0142\u00f3w, na co wsp\u00f3lnik wi\u0119kszo\u015bciowy nie wyra\u017ca\u0142 zgody, <\/li><li>w wyniku zrealizowanych dzia\u0142a\u0144, udzia\u0142y naszego Klienta zosta\u0142y umorzone za satysfakcjonuj\u0105c\u0105 kwot\u0119.<\/li><\/ul>\n\n\n\n<p><a href=\"https:\/\/pragmatiq.pl\/mniejszosciowi\/doprowadzenie-do-splaty-wspolnika-mniejszosciowego-poprzez-umorzenie-jego-udzialow-w-spolce-z-o-o\/\" data-type=\"URL\" data-id=\"https:\/\/pragmatiq.pl\/mniejszosciowi\/doprowadzenie-do-splaty-wspolnika-mniejszosciowego-poprzez-umorzenie-jego-udzialow-w-spolce-z-o-o\/\" target=\"_blank\" rel=\"noreferrer noopener\">Przeczytaj o tym wi\u0119cej<\/a><\/p>\n<\/div>\n<\/div>\n\n\n\n<div class=\"wp-block-columns are-vertically-aligned-center is-layout-flex wp-container-core-columns-is-layout-9d6595d7 wp-block-columns-is-layout-flex\">\n<div class=\"wp-block-column is-vertically-aligned-center is-layout-flow wp-block-column-is-layout-flow\">\n<h2 class=\"wp-block-heading\"><span class=\"ez-toc-section\" id=\"Doprowadzenie_do_rozejscia_sie_wspolnikow_poprzez_przejecie_przez_wspolnika_mniejszosciowego_czesci_spolek_z_grupy_kapitalowej\"><\/span><strong><strong>Doprowadzenie do rozej\u015bcia si\u0119 wsp\u00f3lnik\u00f3w poprzez przej\u0119cie przez wsp\u00f3lnika mniejszo\u015bciowego cz\u0119\u015bci sp\u00f3\u0142ek z grupy kapita\u0142owej<\/strong><\/strong><span class=\"ez-toc-section-end\"><\/span><\/h2>\n\n\n\n<ul class=\"wp-block-list\"><li>nasz Klient zosta\u0142 pozbawiony jakiejkolwiek kontroli nad sp\u00f3\u0142kami wchodz\u0105cymi w sk\u0142ad grupy kapita\u0142owej, <\/li><li>pomimo pr\u00f3b uregulowania relacji mi\u0119dzy wsp\u00f3lnikami, dalsze wsp\u00f3lne prowadzenie biznesu okaza\u0142o si\u0119 niemo\u017cliwe, <\/li><li>w wyniku zrealizowanych dzia\u0142a\u0144, wsp\u00f3lnicy zdecydowali si\u0119 na \u201epodzia\u0142\u201d firm, w ten spos\u00f3b, \u017ce cz\u0119\u015b\u0107 sp\u00f3\u0142ek pozosta\u0142a przy wsp\u00f3lnikach wi\u0119kszo\u015bciowych, a cz\u0119\u015b\u0107 przy naszym Kliencie.<\/li><\/ul>\n\n\n\n<p><a href=\"https:\/\/pragmatiq.pl\/mniejszosciowi\/doprowadzenie-do-rozejscia-sie-wspolnikow-poprzez-przejecie-przez-wspolnika-mniejszosciowego-czesci-spolek-z-grupy-kapitalowej\/\" data-type=\"URL\" data-id=\"https:\/\/pragmatiq.pl\/mniejszosciowi\/doprowadzenie-do-rozejscia-sie-wspolnikow-poprzez-przejecie-przez-wspolnika-mniejszosciowego-czesci-spolek-z-grupy-kapitalowej\/\" target=\"_blank\" rel=\"noreferrer noopener\">Przeczytaj o tym wi\u0119cej<\/a><\/p>\n<\/div>\n\n\n\n<div class=\"wp-block-column is-vertically-aligned-center is-layout-flow wp-block-column-is-layout-flow\">\n<figure class=\"wp-block-image size-large\"><img loading=\"lazy\" decoding=\"async\" width=\"936\" height=\"1024\" src=\"https:\/\/pragmatiq.pl\/mniejszosciowi\/wp-content\/uploads\/2021\/06\/2-936x1024.png\" alt=\"\" class=\"wp-image-436\" srcset=\"https:\/\/pragmatiq.pl\/mniejszosciowi\/wp-content\/uploads\/2021\/06\/2-936x1024.png 936w, https:\/\/pragmatiq.pl\/mniejszosciowi\/wp-content\/uploads\/2021\/06\/2-274x300.png 274w, https:\/\/pragmatiq.pl\/mniejszosciowi\/wp-content\/uploads\/2021\/06\/2-768x840.png 768w, https:\/\/pragmatiq.pl\/mniejszosciowi\/wp-content\/uploads\/2021\/06\/2.png 1028w\" sizes=\"auto, (max-width: 767px) 89vw, (max-width: 1000px) 54vw, (max-width: 1071px) 543px, 580px\" \/><\/figure>\n\n\n\n<p><\/p>\n<\/div>\n<\/div>\n\n\n\n<div class=\"wp-block-columns are-vertically-aligned-center is-layout-flex wp-container-core-columns-is-layout-9d6595d7 wp-block-columns-is-layout-flex\">\n<div class=\"wp-block-column is-vertically-aligned-center is-layout-flow wp-block-column-is-layout-flow\">\n<figure class=\"wp-block-image size-large\"><img loading=\"lazy\" decoding=\"async\" width=\"936\" height=\"1024\" src=\"https:\/\/pragmatiq.pl\/mniejszosciowi\/wp-content\/uploads\/2021\/06\/3-936x1024.png\" alt=\"\" class=\"wp-image-437\" srcset=\"https:\/\/pragmatiq.pl\/mniejszosciowi\/wp-content\/uploads\/2021\/06\/3-936x1024.png 936w, https:\/\/pragmatiq.pl\/mniejszosciowi\/wp-content\/uploads\/2021\/06\/3-274x300.png 274w, https:\/\/pragmatiq.pl\/mniejszosciowi\/wp-content\/uploads\/2021\/06\/3-768x840.png 768w, https:\/\/pragmatiq.pl\/mniejszosciowi\/wp-content\/uploads\/2021\/06\/3.png 1028w\" sizes=\"auto, (max-width: 767px) 89vw, (max-width: 1000px) 54vw, (max-width: 1071px) 543px, 580px\" \/><\/figure>\n<\/div>\n\n\n\n<div class=\"wp-block-column is-vertically-aligned-center is-layout-flow wp-block-column-is-layout-flow\">\n<h2 class=\"wp-block-heading\"><span class=\"ez-toc-section\" id=\"Skuteczne_zaskarzenie_uchwaly_o_doplatach_oraz_doprowadzenie_do_wystapienia_i_splaty_wspolnika_mniejszosciowego\"><\/span><strong><strong>Skuteczne zaskar\u017cenie uchwa\u0142y o dop\u0142atach oraz doprowadzenie do wyst\u0105pienia i sp\u0142aty wsp\u00f3lnika mniejszo\u015bciowego<\/strong><\/strong><span class=\"ez-toc-section-end\"><\/span><\/h2>\n\n\n\n<ul class=\"wp-block-list\"><li>nasz Klient uczestniczy\u0142 jako wsp\u00f3lnik mniejszo\u015bciowy w sp\u00f3\u0142ce z o.o., w kt\u00f3rej drugim wsp\u00f3lnikiem by\u0142 du\u017cy mi\u0119dzynarodowy koncern, <\/li><li>koncern prowadzi\u0142 dzia\u0142ania zmierzaj\u0105ce do pozbycia si\u0119 jak najni\u017cszym kosztem naszego Klienta ze sp\u00f3\u0142ki z o.o. m.in. poprzez podj\u0119cie uchwa\u0142y nak\u0142adaj\u0105cej na wsp\u00f3lnik\u00f3w obowi\u0105zek wniesienia wysokich dop\u0142at do sp\u00f3\u0142ki, <\/li><li>w zwi\u0105zku ze skutecznym zaskar\u017ceniem uchwa\u0142y o dop\u0142atach poprzedzonym uzyskaniem zabezpieczenia dla naszego Klienta oraz dalszymi dzia\u0142aniami w sprawie, koncern zdecydowa\u0142 si\u0119 odkupi\u0107 udzia\u0142y naszego Klienta za satysfakcjonuj\u0105c\u0105 kwot\u0119.<\/li><\/ul>\n\n\n\n<p><a href=\"https:\/\/pragmatiq.pl\/mniejszosciowi\/skuteczne-zaskarzenie-uchwaly-o-doplatach-oraz-doprowadzenie-do-wystapienia-i-splaty-wspolnika-mniejszosciowego\/\" data-type=\"page\" data-id=\"563\" target=\"_blank\" rel=\"noreferrer noopener\">Przeczytaj o tym wi\u0119cej<\/a><\/p>\n\n\n\n<p><\/p>\n<\/div>\n<\/div>\n\n\n\n<div class=\"wp-block-columns are-vertically-aligned-center is-layout-flex wp-container-core-columns-is-layout-9d6595d7 wp-block-columns-is-layout-flex\">\n<div class=\"wp-block-column is-vertically-aligned-center is-layout-flow wp-block-column-is-layout-flow\">\n<h2 class=\"wp-block-heading\"><span class=\"ez-toc-section\" id=\"Przeciwdzialanie_wykonaniu_umowy_opcji_i_przejeciu_udzialow_naszego_Klienta\"><\/span><strong><strong><strong>Przeciwdzia\u0142anie wykonaniu umowy opcji i przej\u0119ciu udzia\u0142\u00f3w naszego Klienta<\/strong><\/strong><\/strong><span class=\"ez-toc-section-end\"><\/span><\/h2>\n\n\n\n<ul class=\"wp-block-list\"><li>du\u017ca mi\u0119dzynarodowa korporacja zamierza\u0142a wykupi\u0107 udzia\u0142y naszego Klienta korzystaj\u0105c z umowy opcji niezgodnie z zawartym porozumieniem reguluj\u0105cym zasady u\u017cycia opcji, <\/li><li>wskutek szeregu z\u0142o\u017conych dzia\u0142a\u0144 prawnych pr\u00f3ba wrogiego przej\u0119cia udzia\u0142\u00f3w naszego Klienta okaza\u0142a si\u0119 nieskuteczna.<\/li><\/ul>\n\n\n\n<p><a href=\"https:\/\/pragmatiq.pl\/mniejszosciowi\/przeciwdzialanie-wykonaniu-umowy-opcji-i-przejeciu-udzialow-naszego-klienta\/\" data-type=\"page\" data-id=\"643\" target=\"_blank\" rel=\"noreferrer noopener\">Przeczytaj o tym wi\u0119cej<\/a><\/p>\n<\/div>\n\n\n\n<div class=\"wp-block-column is-vertically-aligned-center is-layout-flow wp-block-column-is-layout-flow\">\n<figure class=\"wp-block-image size-large\"><img loading=\"lazy\" decoding=\"async\" width=\"1028\" height=\"1125\" src=\"https:\/\/pragmatiq.pl\/mniejszosciowi\/wp-content\/uploads\/2021\/06\/4-936x1024.png\" alt=\"\" class=\"wp-image-438\" srcset=\"https:\/\/pragmatiq.pl\/mniejszosciowi\/wp-content\/uploads\/2021\/06\/4-936x1024.png 936w, https:\/\/pragmatiq.pl\/mniejszosciowi\/wp-content\/uploads\/2021\/06\/4-274x300.png 274w, https:\/\/pragmatiq.pl\/mniejszosciowi\/wp-content\/uploads\/2021\/06\/4-768x840.png 768w, https:\/\/pragmatiq.pl\/mniejszosciowi\/wp-content\/uploads\/2021\/06\/4.png 1028w\" sizes=\"auto, (max-width: 767px) 89vw, (max-width: 1000px) 54vw, (max-width: 1071px) 543px, 580px\" \/><\/figure>\n\n\n\n<p><\/p>\n<\/div>\n<\/div>\n\n\n\n<div class=\"wp-block-columns are-vertically-aligned-center is-layout-flex wp-container-core-columns-is-layout-9d6595d7 wp-block-columns-is-layout-flex\">\n<div class=\"wp-block-column is-vertically-aligned-center is-layout-flow wp-block-column-is-layout-flow\">\n<figure class=\"wp-block-image size-large\"><img loading=\"lazy\" decoding=\"async\" width=\"936\" height=\"1024\" src=\"https:\/\/pragmatiq.pl\/mniejszosciowi\/wp-content\/uploads\/2021\/06\/5-936x1024.png\" alt=\"\" class=\"wp-image-433\" srcset=\"https:\/\/pragmatiq.pl\/mniejszosciowi\/wp-content\/uploads\/2021\/06\/5-936x1024.png 936w, https:\/\/pragmatiq.pl\/mniejszosciowi\/wp-content\/uploads\/2021\/06\/5-274x300.png 274w, https:\/\/pragmatiq.pl\/mniejszosciowi\/wp-content\/uploads\/2021\/06\/5-768x840.png 768w, https:\/\/pragmatiq.pl\/mniejszosciowi\/wp-content\/uploads\/2021\/06\/5.png 1028w\" sizes=\"auto, (max-width: 767px) 89vw, (max-width: 1000px) 54vw, (max-width: 1071px) 543px, 580px\" \/><\/figure>\n<\/div>\n\n\n\n<div class=\"wp-block-column is-vertically-aligned-center is-layout-flow wp-block-column-is-layout-flow\">\n<h2 class=\"wp-block-heading\"><span class=\"ez-toc-section\" id=\"Przygotowanie_pakietu_dokumentow_korporacyjnych_kompleksowo_zabezpieczajacych_wspolnikow_mniejszosciowych\"><\/span><strong><strong><strong>Przygotowanie pakietu dokument\u00f3w korporacyjnych kompleksowo zabezpieczaj\u0105cych wsp\u00f3lnik\u00f3w mniejszo\u015bciowych<\/strong><\/strong><\/strong><span class=\"ez-toc-section-end\"><\/span><\/h2>\n\n\n\n<ul class=\"wp-block-list\"><li>nasz Klient planowa\u0142 nabycie mniejszo\u015bciowego pakietu udzia\u0142\u00f3w w sp\u00f3\u0142ce z o.o., jego celem by\u0142o zagwarantowanie sobie szeregu uprawnie\u0144 w ramach sp\u00f3\u0142ki, <\/li><li>w toku przeprowadzonych negocjacji, nasz Klient uzyska\u0142 m.in. prawo do corocznej wyp\u0142aty ze sp\u00f3\u0142ki dywidendy oraz prawo do powo\u0142ywania jednego cz\u0142onka zarz\u0105du sp\u00f3\u0142ki.<\/li><\/ul>\n\n\n\n<p><a href=\"https:\/\/pragmatiq.pl\/mniejszosciowi\/przygotowanie-pakietu-dokumentow-korporacyjnych-kompleksowo-zabezpieczajacych-wspolnikow-mniejszosciowych\/\" data-type=\"page\" data-id=\"576\" target=\"_blank\" rel=\"noreferrer noopener\">Przeczytaj o tym wi\u0119cej<\/a><\/p>\n\n\n\n<p><\/p>\n<\/div>\n<\/div>\n\n\n\n<div class=\"wp-block-columns are-vertically-aligned-center is-layout-flex wp-container-core-columns-is-layout-9d6595d7 wp-block-columns-is-layout-flex\">\n<div class=\"wp-block-column is-vertically-aligned-center is-layout-flow wp-block-column-is-layout-flow\">\n<h2 class=\"wp-block-heading\"><span class=\"ez-toc-section\" id=\"Przygotowanie_rozwiazan_regulujacych_zasady_rozejscia_sie_wspolnikow_na_wypadek_wystapienia_konfliktu_i_powstania_pata_decyzyjnego_w_ramach_spolki\"><\/span><strong><strong><strong><strong>Przygotowanie rozwi\u0105za\u0144 reguluj\u0105cych zasady rozej\u015bcia si\u0119 wsp\u00f3lnik\u00f3w na wypadek wyst\u0105pienia konfliktu i powstania pata decyzyjnego w ramach sp\u00f3\u0142ki<\/strong><\/strong><\/strong><\/strong><span class=\"ez-toc-section-end\"><\/span><\/h2>\n\n\n\n<ul class=\"wp-block-list\"><li>wsp\u00f3lnicy planowali wsp\u00f3lne prowadzenie inwestycji polegaj\u0105cej na budowie biurowca i jego p\u00f3\u017aniejszej sprzeda\u017cy, przy czym nasz Klient mia\u0142 wnie\u015b\u0107 do sp\u00f3\u0142ki \u015brodki pieni\u0119\u017cne, a drugi wsp\u00f3lnik posiada\u0142 niezb\u0119dny know-how,<\/li><li>naszemu Klientowi zale\u017ca\u0142o na zabezpieczeniu mo\u017cliwo\u015bci wycofania si\u0119 przez niego ze sp\u00f3\u0142ki w sytuacji wyst\u0105pienia w sp\u00f3\u0142ce konfliktu lub pata decyzyjnego,<\/li><li>zaproponowane przez nas postanowienia zagwarantowa\u0142y naszemu Klientowi mo\u017cliwo\u015b\u0107 wycofania si\u0119 ze sp\u00f3\u0142ki, przy jednoczesnym zwrocie zainwestowanych \u015brodk\u00f3w.<\/li><\/ul>\n\n\n\n<p><a href=\"https:\/\/pragmatiq.pl\/mniejszosciowi\/przygotowanie-rozwiazan-regulujacych-zasady-rozejscia-sie-wspolnikow-na-wypadek-wystapienia-konfliktu-i-powstania-pata-decyzyjnego-w-ramach-spolki\/\" data-type=\"page\" data-id=\"645\" target=\"_blank\" rel=\"noreferrer noopener\"> Przeczytaj o tym wi\u0119cej <\/a><\/p>\n<\/div>\n\n\n\n<div class=\"wp-block-column is-vertically-aligned-center is-layout-flow wp-block-column-is-layout-flow\">\n<figure class=\"wp-block-image size-large\"><img loading=\"lazy\" decoding=\"async\" width=\"936\" height=\"1024\" src=\"https:\/\/pragmatiq.pl\/mniejszosciowi\/wp-content\/uploads\/2021\/06\/6-936x1024.png\" alt=\"\" class=\"wp-image-434\" srcset=\"https:\/\/pragmatiq.pl\/mniejszosciowi\/wp-content\/uploads\/2021\/06\/6-936x1024.png 936w, https:\/\/pragmatiq.pl\/mniejszosciowi\/wp-content\/uploads\/2021\/06\/6-274x300.png 274w, https:\/\/pragmatiq.pl\/mniejszosciowi\/wp-content\/uploads\/2021\/06\/6-768x840.png 768w, https:\/\/pragmatiq.pl\/mniejszosciowi\/wp-content\/uploads\/2021\/06\/6.png 1028w\" sizes=\"auto, (max-width: 767px) 89vw, (max-width: 1000px) 54vw, (max-width: 1071px) 543px, 580px\" \/><\/figure>\n\n\n\n<p><\/p>\n<\/div>\n<\/div>\n","protected":false},"excerpt":{"rendered":"<p>Doprowadzenie do sp\u0142aty wsp\u00f3lnika mniejszo\u015bciowego poprzez umorzenie jego udzia\u0142\u00f3w w sp\u00f3\u0142ce z o.o. prawa naszego Klienta jako mniejszo\u015bciowego wsp\u00f3lnika by\u0142y notorycznie naruszane (m.in. poprzez brak wyp\u0142aty dywidendy oraz pozbawianie go informacji o sp\u00f3\u0142ce), podczas gdy wsp\u00f3lnik wi\u0119kszo\u015bciowy czerpa\u0142 ze sp\u00f3\u0142ki korzy\u015bci (np. w postaci wynagrodzenia za pe\u0142nienie funkcji w zarz\u0105dzie), celem naszego Klienta by\u0142o opuszczenie &hellip; <\/p>\n<p class=\"link-more\"><a href=\"https:\/\/pragmatiq.pl\/mniejszosciowi\/nasze-sprawy\/\" class=\"more-link\">Continue reading<span class=\"screen-reader-text\"> &#8222;Nasze sprawy&#8221;<\/span><\/a><\/p>\n","protected":false},"author":9,"featured_media":0,"parent":0,"menu_order":0,"comment_status":"closed","ping_status":"closed","template":"","meta":{"_acf_changed":false,"footnotes":""},"class_list":["post-416","page","type-page","status-publish","hentry"],"acf":[],"yoast_head":"<!-- This site is optimized with the Yoast SEO plugin v27.3 - https:\/\/yoast.com\/product\/yoast-seo-wordpress\/ -->\n<title>Nasze sprawy | mniejszosciowi.pl<\/title>\n<meta name=\"robots\" content=\"index, follow, max-snippet:-1, max-image-preview:large, max-video-preview:-1\" \/>\n<link rel=\"canonical\" href=\"https:\/\/pragmatiq.pl\/mniejszosciowi\/nasze-sprawy\/\" \/>\n<meta property=\"og:locale\" content=\"pl_PL\" \/>\n<meta property=\"og:type\" content=\"article\" \/>\n<meta property=\"og:title\" content=\"Nasze sprawy | mniejszosciowi.pl\" \/>\n<meta property=\"og:description\" content=\"Doprowadzenie do sp\u0142aty wsp\u00f3lnika mniejszo\u015bciowego poprzez umorzenie jego udzia\u0142\u00f3w w sp\u00f3\u0142ce z o.o. prawa naszego Klienta jako mniejszo\u015bciowego wsp\u00f3lnika by\u0142y notorycznie naruszane (m.in. poprzez brak wyp\u0142aty dywidendy oraz pozbawianie go informacji o sp\u00f3\u0142ce), podczas gdy wsp\u00f3lnik wi\u0119kszo\u015bciowy czerpa\u0142 ze sp\u00f3\u0142ki korzy\u015bci (np. w postaci wynagrodzenia za pe\u0142nienie funkcji w zarz\u0105dzie), celem naszego Klienta by\u0142o opuszczenie &hellip; Continue reading &quot;Nasze sprawy&quot;\" \/>\n<meta property=\"og:url\" content=\"https:\/\/pragmatiq.pl\/mniejszosciowi\/nasze-sprawy\/\" \/>\n<meta property=\"og:site_name\" content=\"Mniejszo\u015bciowi\" \/>\n<meta property=\"article:modified_time\" content=\"2022-09-27T12:49:00+00:00\" \/>\n<meta property=\"og:image\" content=\"https:\/\/pragmatiq.pl\/mniejszosciowi\/wp-content\/uploads\/2021\/06\/1-936x1024.png\" \/>\n<meta name=\"twitter:card\" content=\"summary_large_image\" \/>\n<meta name=\"twitter:label1\" content=\"Szacowany czas czytania\" \/>\n\t<meta name=\"twitter:data1\" content=\"3 minuty\" \/>\n<script type=\"application\/ld+json\" class=\"yoast-schema-graph\">{\"@context\":\"https:\\\/\\\/schema.org\",\"@graph\":[{\"@type\":\"WebPage\",\"@id\":\"https:\\\/\\\/pragmatiq.pl\\\/mniejszosciowi\\\/nasze-sprawy\\\/\",\"url\":\"https:\\\/\\\/pragmatiq.pl\\\/mniejszosciowi\\\/nasze-sprawy\\\/\",\"name\":\"Nasze sprawy | mniejszosciowi.pl\",\"isPartOf\":{\"@id\":\"https:\\\/\\\/pragmatiq.pl\\\/mniejszosciowi\\\/#website\"},\"primaryImageOfPage\":{\"@id\":\"https:\\\/\\\/pragmatiq.pl\\\/mniejszosciowi\\\/nasze-sprawy\\\/#primaryimage\"},\"image\":{\"@id\":\"https:\\\/\\\/pragmatiq.pl\\\/mniejszosciowi\\\/nasze-sprawy\\\/#primaryimage\"},\"thumbnailUrl\":\"https:\\\/\\\/pragmatiq.pl\\\/mniejszosciowi\\\/wp-content\\\/uploads\\\/2021\\\/06\\\/1-936x1024.png\",\"datePublished\":\"2021-06-16T10:19:05+00:00\",\"dateModified\":\"2022-09-27T12:49:00+00:00\",\"breadcrumb\":{\"@id\":\"https:\\\/\\\/pragmatiq.pl\\\/mniejszosciowi\\\/nasze-sprawy\\\/#breadcrumb\"},\"inLanguage\":\"pl-PL\",\"potentialAction\":[{\"@type\":\"ReadAction\",\"target\":[\"https:\\\/\\\/pragmatiq.pl\\\/mniejszosciowi\\\/nasze-sprawy\\\/\"]}]},{\"@type\":\"ImageObject\",\"inLanguage\":\"pl-PL\",\"@id\":\"https:\\\/\\\/pragmatiq.pl\\\/mniejszosciowi\\\/nasze-sprawy\\\/#primaryimage\",\"url\":\"https:\\\/\\\/pragmatiq.pl\\\/mniejszosciowi\\\/wp-content\\\/uploads\\\/2021\\\/06\\\/1-936x1024.png\",\"contentUrl\":\"https:\\\/\\\/pragmatiq.pl\\\/mniejszosciowi\\\/wp-content\\\/uploads\\\/2021\\\/06\\\/1-936x1024.png\"},{\"@type\":\"BreadcrumbList\",\"@id\":\"https:\\\/\\\/pragmatiq.pl\\\/mniejszosciowi\\\/nasze-sprawy\\\/#breadcrumb\",\"itemListElement\":[{\"@type\":\"ListItem\",\"position\":1,\"name\":\"Strona g\u0142\u00f3wna\",\"item\":\"https:\\\/\\\/pragmatiq.pl\\\/mniejszosciowi\\\/\"},{\"@type\":\"ListItem\",\"position\":2,\"name\":\"Nasze sprawy\"}]},{\"@type\":\"WebSite\",\"@id\":\"https:\\\/\\\/pragmatiq.pl\\\/mniejszosciowi\\\/#website\",\"url\":\"https:\\\/\\\/pragmatiq.pl\\\/mniejszosciowi\\\/\",\"name\":\"Mniejszo\u015bciowi\",\"description\":\"\",\"publisher\":{\"@id\":\"https:\\\/\\\/pragmatiq.pl\\\/mniejszosciowi\\\/#organization\"},\"potentialAction\":[{\"@type\":\"SearchAction\",\"target\":{\"@type\":\"EntryPoint\",\"urlTemplate\":\"https:\\\/\\\/pragmatiq.pl\\\/mniejszosciowi\\\/?s={search_term_string}\"},\"query-input\":{\"@type\":\"PropertyValueSpecification\",\"valueRequired\":true,\"valueName\":\"search_term_string\"}}],\"inLanguage\":\"pl-PL\"},{\"@type\":\"Organization\",\"@id\":\"https:\\\/\\\/pragmatiq.pl\\\/mniejszosciowi\\\/#organization\",\"name\":\"Mniejszo\u015bciowi\",\"url\":\"https:\\\/\\\/pragmatiq.pl\\\/mniejszosciowi\\\/\",\"logo\":{\"@type\":\"ImageObject\",\"inLanguage\":\"pl-PL\",\"@id\":\"https:\\\/\\\/pragmatiq.pl\\\/mniejszosciowi\\\/#\\\/schema\\\/logo\\\/image\\\/\",\"url\":\"https:\\\/\\\/pragmatiq.pl\\\/mniejszosciowi\\\/wp-content\\\/uploads\\\/2018\\\/05\\\/cropped-logo.png\",\"contentUrl\":\"https:\\\/\\\/pragmatiq.pl\\\/mniejszosciowi\\\/wp-content\\\/uploads\\\/2018\\\/05\\\/cropped-logo.png\",\"width\":952,\"height\":250,\"caption\":\"Mniejszo\u015bciowi\"},\"image\":{\"@id\":\"https:\\\/\\\/pragmatiq.pl\\\/mniejszosciowi\\\/#\\\/schema\\\/logo\\\/image\\\/\"}}]}<\/script>\n<!-- \/ Yoast SEO plugin. -->","yoast_head_json":{"title":"Nasze sprawy | mniejszosciowi.pl","robots":{"index":"index","follow":"follow","max-snippet":"max-snippet:-1","max-image-preview":"max-image-preview:large","max-video-preview":"max-video-preview:-1"},"canonical":"https:\/\/pragmatiq.pl\/mniejszosciowi\/nasze-sprawy\/","og_locale":"pl_PL","og_type":"article","og_title":"Nasze sprawy | mniejszosciowi.pl","og_description":"Doprowadzenie do sp\u0142aty wsp\u00f3lnika mniejszo\u015bciowego poprzez umorzenie jego udzia\u0142\u00f3w w sp\u00f3\u0142ce z o.o. prawa naszego Klienta jako mniejszo\u015bciowego wsp\u00f3lnika by\u0142y notorycznie naruszane (m.in. poprzez brak wyp\u0142aty dywidendy oraz pozbawianie go informacji o sp\u00f3\u0142ce), podczas gdy wsp\u00f3lnik wi\u0119kszo\u015bciowy czerpa\u0142 ze sp\u00f3\u0142ki korzy\u015bci (np. w postaci wynagrodzenia za pe\u0142nienie funkcji w zarz\u0105dzie), celem naszego Klienta by\u0142o opuszczenie &hellip; Continue reading \"Nasze sprawy\"","og_url":"https:\/\/pragmatiq.pl\/mniejszosciowi\/nasze-sprawy\/","og_site_name":"Mniejszo\u015bciowi","article_modified_time":"2022-09-27T12:49:00+00:00","og_image":[{"url":"https:\/\/pragmatiq.pl\/mniejszosciowi\/wp-content\/uploads\/2021\/06\/1-936x1024.png","type":"","width":"","height":""}],"twitter_card":"summary_large_image","twitter_misc":{"Szacowany czas czytania":"3 minuty"},"schema":{"@context":"https:\/\/schema.org","@graph":[{"@type":"WebPage","@id":"https:\/\/pragmatiq.pl\/mniejszosciowi\/nasze-sprawy\/","url":"https:\/\/pragmatiq.pl\/mniejszosciowi\/nasze-sprawy\/","name":"Nasze sprawy | mniejszosciowi.pl","isPartOf":{"@id":"https:\/\/pragmatiq.pl\/mniejszosciowi\/#website"},"primaryImageOfPage":{"@id":"https:\/\/pragmatiq.pl\/mniejszosciowi\/nasze-sprawy\/#primaryimage"},"image":{"@id":"https:\/\/pragmatiq.pl\/mniejszosciowi\/nasze-sprawy\/#primaryimage"},"thumbnailUrl":"https:\/\/pragmatiq.pl\/mniejszosciowi\/wp-content\/uploads\/2021\/06\/1-936x1024.png","datePublished":"2021-06-16T10:19:05+00:00","dateModified":"2022-09-27T12:49:00+00:00","breadcrumb":{"@id":"https:\/\/pragmatiq.pl\/mniejszosciowi\/nasze-sprawy\/#breadcrumb"},"inLanguage":"pl-PL","potentialAction":[{"@type":"ReadAction","target":["https:\/\/pragmatiq.pl\/mniejszosciowi\/nasze-sprawy\/"]}]},{"@type":"ImageObject","inLanguage":"pl-PL","@id":"https:\/\/pragmatiq.pl\/mniejszosciowi\/nasze-sprawy\/#primaryimage","url":"https:\/\/pragmatiq.pl\/mniejszosciowi\/wp-content\/uploads\/2021\/06\/1-936x1024.png","contentUrl":"https:\/\/pragmatiq.pl\/mniejszosciowi\/wp-content\/uploads\/2021\/06\/1-936x1024.png"},{"@type":"BreadcrumbList","@id":"https:\/\/pragmatiq.pl\/mniejszosciowi\/nasze-sprawy\/#breadcrumb","itemListElement":[{"@type":"ListItem","position":1,"name":"Strona g\u0142\u00f3wna","item":"https:\/\/pragmatiq.pl\/mniejszosciowi\/"},{"@type":"ListItem","position":2,"name":"Nasze sprawy"}]},{"@type":"WebSite","@id":"https:\/\/pragmatiq.pl\/mniejszosciowi\/#website","url":"https:\/\/pragmatiq.pl\/mniejszosciowi\/","name":"Mniejszo\u015bciowi","description":"","publisher":{"@id":"https:\/\/pragmatiq.pl\/mniejszosciowi\/#organization"},"potentialAction":[{"@type":"SearchAction","target":{"@type":"EntryPoint","urlTemplate":"https:\/\/pragmatiq.pl\/mniejszosciowi\/?s={search_term_string}"},"query-input":{"@type":"PropertyValueSpecification","valueRequired":true,"valueName":"search_term_string"}}],"inLanguage":"pl-PL"},{"@type":"Organization","@id":"https:\/\/pragmatiq.pl\/mniejszosciowi\/#organization","name":"Mniejszo\u015bciowi","url":"https:\/\/pragmatiq.pl\/mniejszosciowi\/","logo":{"@type":"ImageObject","inLanguage":"pl-PL","@id":"https:\/\/pragmatiq.pl\/mniejszosciowi\/#\/schema\/logo\/image\/","url":"https:\/\/pragmatiq.pl\/mniejszosciowi\/wp-content\/uploads\/2018\/05\/cropped-logo.png","contentUrl":"https:\/\/pragmatiq.pl\/mniejszosciowi\/wp-content\/uploads\/2018\/05\/cropped-logo.png","width":952,"height":250,"caption":"Mniejszo\u015bciowi"},"image":{"@id":"https:\/\/pragmatiq.pl\/mniejszosciowi\/#\/schema\/logo\/image\/"}}]}},"_links":{"self":[{"href":"https:\/\/pragmatiq.pl\/mniejszosciowi\/wp-json\/wp\/v2\/pages\/416","targetHints":{"allow":["GET"]}}],"collection":[{"href":"https:\/\/pragmatiq.pl\/mniejszosciowi\/wp-json\/wp\/v2\/pages"}],"about":[{"href":"https:\/\/pragmatiq.pl\/mniejszosciowi\/wp-json\/wp\/v2\/types\/page"}],"author":[{"embeddable":true,"href":"https:\/\/pragmatiq.pl\/mniejszosciowi\/wp-json\/wp\/v2\/users\/9"}],"replies":[{"embeddable":true,"href":"https:\/\/pragmatiq.pl\/mniejszosciowi\/wp-json\/wp\/v2\/comments?post=416"}],"version-history":[{"count":11,"href":"https:\/\/pragmatiq.pl\/mniejszosciowi\/wp-json\/wp\/v2\/pages\/416\/revisions"}],"predecessor-version":[{"id":669,"href":"https:\/\/pragmatiq.pl\/mniejszosciowi\/wp-json\/wp\/v2\/pages\/416\/revisions\/669"}],"wp:attachment":[{"href":"https:\/\/pragmatiq.pl\/mniejszosciowi\/wp-json\/wp\/v2\/media?parent=416"}],"curies":[{"name":"wp","href":"https:\/\/api.w.org\/{rel}","templated":true}]}}